{"id":33,"date":"2024-10-29T08:23:22","date_gmt":"2024-10-29T07:23:22","guid":{"rendered":"https:\/\/adrepublic.pl\/2024\/?page_id=33"},"modified":"2025-01-29T09:31:53","modified_gmt":"2025-01-29T08:31:53","slug":"kariera","status":"publish","type":"page","link":"https:\/\/adrepublic.pl\/en\/kariera\/","title":{"rendered":"We hire"},"content":{"rendered":"\n[et_pb_section fb_built=&#8221;1&#8243; _builder_version=&#8221;4.27.4&#8243; _module_preset=&#8221;default&#8221; background_enable_image=&#8221;off&#8221; background_blend=&#8221;multiply&#8221; background_video_mp4=&#8221;https:\/\/adrepublic.pl\/2024\/wp-content\/uploads\/2025\/01\/Kariera_1.mp4&#8243; custom_margin=&#8221;||||false&#8221; custom_padding=&#8221;55px||2px||false|false&#8221; bottom_divider_color=&#8221;gcid-primary-color&#8221; bottom_divider_height=&#8221;277px&#8221; bottom_divider_repeat=&#8221;1x&#8221; bottom_divider_flip=&#8221;horizontal&#8221; bottom_divider_arrangement=&#8221;above_content&#8221; hover_enabled=&#8221;0&#8243; global_colors_info=&#8221;{%22gcid-primary-color%22:%91%22bottom_divider_color%22%93}&#8221; background_enable_color=&#8221;off&#8221; title_text=&#8221;Kariera_1&#8243; sticky_enabled=&#8221;0&#8243;][et_pb_row _builder_version=&#8221;4.27.3&#8243; _module_preset=&#8221;default&#8221; max_width=&#8221;2560px&#8221; global_colors_info=&#8221;{}&#8221;][et_pb_column type=&#8221;4_4&#8243; _builder_version=&#8221;4.27.3&#8243; _module_preset=&#8221;default&#8221; global_colors_info=&#8221;{}&#8221;][et_pb_divider color=&#8221;gcid-primary-color&#8221; divider_style=&#8221;double&#8221; divider_position=&#8221;center&#8221; divider_weight=&#8221;5px&#8221; _builder_version=&#8221;4.27.3&#8243; max_width=&#8221;50px&#8221; module_alignment=&#8221;center&#8221; custom_margin=&#8221;||25px||false|false&#8221; locked=&#8221;off&#8221; global_colors_info=&#8221;{%22gcid-primary-color%22:%91%22color%22%93}&#8221;][\/et_pb_divider][et_pb_text _builder_version=&#8221;4.27.3&#8243; text_font=&#8221;||||||||&#8221; header_font=&#8221;&#8211;et_global_heading_font||||||||&#8221; header_font_size=&#8221;64px&#8221; header_line_height=&#8221;1.1em&#8221; text_orientation=&#8221;center&#8221; background_layout=&#8221;dark&#8221; max_width=&#8221;800px&#8221; module_alignment=&#8221;center&#8221; custom_margin=&#8221;-18px||0px|||&#8221; custom_padding=&#8221;||25px|16px||&#8221; text_font_size_tablet=&#8221;14px&#8221; text_font_size_last_edited=&#8221;off|desktop&#8221; header_font_size_tablet=&#8221;44px&#8221; header_font_size_phone=&#8221;32px&#8221; header_font_size_last_edited=&#8221;on|phone&#8221; global_colors_info=&#8221;{}&#8221;]<h1>Twoja kariera w AdRepublic<\/h1>[\/et_pb_text][\/et_pb_column][\/et_pb_row][\/et_pb_section][et_pb_section fb_built=&#8221;1&#8243; _builder_version=&#8221;4.27.3&#8243; _module_preset=&#8221;default&#8221; custom_padding=&#8221;||0px|0px||&#8221; global_colors_info=&#8221;{}&#8221;][et_pb_row _builder_version=&#8221;4.27.3&#8243; _module_preset=&#8221;default&#8221; max_width=&#8221;2560px&#8221; custom_padding=&#8221;7px||6px|||&#8221; locked=&#8221;off&#8221; global_colors_info=&#8221;{}&#8221;][et_pb_column type=&#8221;4_4&#8243; _builder_version=&#8221;4.27.3&#8243; _module_preset=&#8221;default&#8221; global_colors_info=&#8221;{}&#8221;][et_pb_divider color=&#8221;gcid-primary-color&#8221; divider_style=&#8221;double&#8221; divider_position=&#8221;center&#8221; divider_weight=&#8221;5px&#8221; _builder_version=&#8221;4.27.3&#8243; max_width=&#8221;50px&#8221; module_alignment=&#8221;center&#8221; custom_margin=&#8221;||10px|||&#8221; custom_padding=&#8221;||3px|||&#8221; locked=&#8221;off&#8221; global_colors_info=&#8221;{%22gcid-primary-color%22:%91%22color%22%93}&#8221;][\/et_pb_divider][et_pb_text _builder_version=&#8221;4.27.3&#8243; _module_preset=&#8221;default&#8221; text_font=&#8221;||||||||&#8221; text_font_size=&#8221;17px&#8221; header_font=&#8221;&#8211;et_global_heading_font|700|||||||&#8221; header_2_font=&#8221;&#8211;et_global_heading_font||||||||&#8221; header_2_font_size=&#8221;42px&#8221; header_2_line_height=&#8221;1.2em&#8221; module_alignment=&#8221;center&#8221; custom_margin=&#8221;||10px||false|false&#8221; custom_padding=&#8221;||18px||false|false&#8221; header_2_font_size_tablet=&#8221;42px&#8221; header_2_font_size_phone=&#8221;36px&#8221; header_2_font_size_last_edited=&#8221;on|phone&#8221; locked=&#8221;off&#8221; global_colors_info=&#8221;{}&#8221;]<h2 style=\"text-align: center;\">Do\u0142\u0105cz do zespo\u0142u profesjonalist\u00f3w<\/h2>\n<p style=\"text-align: center;\">Szukasz miejsca, gdzie Twoje umiej\u0119tno\u015bci i zaanga\u017cowanie zostan\u0105 docenione? W AdRepublic oferujemy nie tylko stabilne zatrudnienie, ale tak\u017ce mo\u017cliwo\u015b\u0107 pracy przy realizacjach dla najwi\u0119kszych \u015bwiatowych marek. Rozwijaj si\u0119 w dynamicznym \u015brodowisku, zdobywaj do\u015bwiadczenie z ekspertami i tw\u00f3rz ponadczasowe przestrzenie, kt\u00f3re inspiruj\u0105.<\/p>[\/et_pb_text][\/et_pb_column][\/et_pb_row][et_pb_row column_structure=&#8221;1_2,1_2&#8243; _builder_version=&#8221;4.27.3&#8243; _module_preset=&#8221;default&#8221; max_width=&#8221;2560px&#8221; custom_padding=&#8221;||0px|||&#8221; global_colors_info=&#8221;{}&#8221;][et_pb_column type=&#8221;1_2&#8243; _builder_version=&#8221;4.27.3&#8243; _module_preset=&#8221;default&#8221; global_colors_info=&#8221;{}&#8221;][et_pb_toggle title=&#8221;Kosztorysant \/ Analityk&#8221; open_toggle_background_color=&#8221;#FFFFFF&#8221; closed_toggle_background_color=&#8221;#FFFFFF&#8221; icon_color=&#8221;#000000&#8243; _builder_version=&#8221;4.27.3&#8243; _module_preset=&#8221;default&#8221; title_text_color=&#8221;gcid-secondary-color&#8221; title_level=&#8221;h3&#8243; title_font_size=&#8221;24px&#8221; body_font_size=&#8221;16px&#8221; global_colors_info=&#8221;{%22gcid-secondary-color%22:%91%22title_text_color%22%93}&#8221;]<div class=\"naglowek\">\n<h4>Opis stanowiska<\/h4>\n<\/div>\n<div>\n<ul>\n<li>analiza zapyta\u0144 ofertowych, dokumentacji i wzor\u00f3w,<\/li>\n<li>sporz\u0105dzanie kalkulacji wyrob\u00f3w i technologii,<\/li>\n<li>planowanie i kontrola termin\u00f3w przygotowania kalkulacji,<\/li>\n<li>doradztwo technologiczne,<\/li>\n<li>nawi\u0105zywanie kontakt\u00f3w z dostawcami i podwykonawcami.<\/li>\n<\/ul>\n<\/div>\n<h4 class=\"naglowek\">Wymagania<\/h4>\n<div>\n<ul>\n<li>wykszta\u0142cenie min. \u015brednie techniczne; preferowane wy\u017csze techniczne,<\/li>\n<li>znajomo\u015b\u0107 budowy mebli i ekspozycji reklamowych,<\/li>\n<li>mile widziana znajomo\u015b\u0107 \u015brodowiska AutoCAD i umiej\u0119tno\u015b\u0107 pracy w tym programie,<\/li>\n<li>umiej\u0119tno\u015b\u0107 czytania rysunk\u00f3w technicznych pod k\u0105tem mo\u017cliwo\u015bci technicznych firmy,<\/li>\n<li>znajomo\u015b\u0107 pakietu Office,<\/li>\n<li>umiej\u0119tno\u015b\u0107 analitycznego my\u015blenia oraz szybkiego przyswajania wiedzy,<\/li>\n<li>otwarto\u015b\u0107 na nowe wyzwania, niekiedy realizacja projektu dla Klienta wymaga zaanga\u017cowania kilku producent\u00f3w, od kosztorysanta b\u0119dzie zale\u017ca\u0142o ustalenie odpowiedniej wsp\u00f3\u0142pracy<\/li>\n<li>komunikatywno\u015b\u0107, dobra organizacja czasu pracy, umiej\u0119tno\u015b\u0107 pracy w stresie czasowym,<\/li>\n<li>j\u0119zyk angielski w stopniu min. komunikatywnym,<\/li>\n<li>dyspozycyjno\u015b\u0107.<\/li>\n<\/ul>\n<\/div>\n<h4 class=\"naglowek\">Oferujemy<\/h4>\n<div>\n<ul>\n<li>stabilne zatrudnienie w oparciu o umow\u0119 o prac\u0119,<\/li>\n<li>praca w m\u0142odym i energicznym zespole,<\/li>\n<li>mo\u017cliwo\u015b\u0107 podnoszenia kwalifikacji,<\/li>\n<li>uczestnictwo w realizacji ambitnych i nieszablonowych projekt\u00f3w,<\/li>\n<li>niezb\u0119dne narz\u0119dzia pracy, w tym telefon s\u0142u\u017cbowy.<\/li>\n<\/ul>\n<\/div>[\/et_pb_toggle][et_pb_toggle title=&#8221;Technolog \/ Konstruktor&#8221; open_toggle_background_color=&#8221;#FFFFFF&#8221; closed_toggle_background_color=&#8221;#FFFFFF&#8221; icon_color=&#8221;#000000&#8243; _builder_version=&#8221;4.27.3&#8243; _module_preset=&#8221;default&#8221; title_text_color=&#8221;gcid-secondary-color&#8221; title_level=&#8221;h3&#8243; title_font_size=&#8221;24px&#8221; body_font_size=&#8221;16px&#8221; global_colors_info=&#8221;{%22gcid-secondary-color%22:%91%22title_text_color%22,%22title_text_color%22,%22title_text_color%22,%22title_text_color%22%93,%22gcid-primary-color%22:%91%22closed_toggle_background_color%22,%22closed_toggle_background_color%22%93}&#8221;]<div class=\"naglowek\">\n<h4>Opis stanowiska<\/h4>\n<\/div>\n<div>\n<div>\n<ul>\n<li>Projektowanie oraz modelowanie\u00a0konstrukcji ekspozycji reklamowych,<\/li>\n<li>Przygotowywanie modeli 3D, rysunk\u00f3w wykonawczych i monta\u017cowych w programach typu CAD i\u00a0CAM<\/li>\n<li>Przygotowywanie kosztorys\u00f3w,<\/li>\n<li>Opracowanie za\u0142o\u017ce\u0144 pod k\u0105tem przygotowywanych ofert<\/li>\n<li>Uczestniczenie we wszystkich etapach tworzenia produktu,<\/li>\n<li>Poprawa efektywno\u015bci produkcji, ergonomii i optymalizacja istniej\u0105cych proces\u00f3w,<\/li>\n<li>\u015acis\u0142a wsp\u00f3\u0142praca z kooperantami.<\/li>\n<\/ul>\n<\/div>\n<h4 class=\"naglowek\">Wymagania<\/h4>\n<div>\n<ul>\n<li>Minimum 3-letnie do\u015bwiadczenie na podobnym stanowisku,<\/li>\n<li>Wykszta\u0142cenie techniczne<\/li>\n<li>Dobra znajomo\u015b\u0107 rysunku technicznego,<\/li>\n<li>Mile widziana znajomo\u015b\u0107 bran\u017cy meblowej<\/li>\n<li>Mile widziana znajomo\u015b\u0107 j\u0119zyka angielskiego<\/li>\n<li>Samodzielno\u015b\u0107 w podejmowaniu decyzji<\/li>\n<li>Kreatywno\u015b\u0107<\/li>\n<\/ul>\n<\/div>\n<h4 class=\"naglowek\">Oferujemy<\/h4>\n<div>\n<ul>\n<li>Stabilne zatrudnienie w ramach umowy o prac\u0119\u00a0w firmie o zasi\u0119gu krajowym i zagranicznym,<\/li>\n<li>Prac\u0119 z presti\u017cowymi i ambitnymi projektami na samodzielnym stanowisku,<\/li>\n<li>Prywatn\u0105 opiek\u0119 medyczn\u0105 i dodatkowe ubezpieczenie na \u017cycie.<\/li>\n<\/ul>\n<\/div>\n<\/div>[\/et_pb_toggle][et_pb_toggle title=&#8221;Key Account Manager \u2013 ekspozycje reklamowe&#8221; open_toggle_background_color=&#8221;#FFFFFF&#8221; closed_toggle_background_color=&#8221;#FFFFFF&#8221; icon_color=&#8221;#000000&#8243; _builder_version=&#8221;4.27.3&#8243; _module_preset=&#8221;default&#8221; title_text_color=&#8221;gcid-secondary-color&#8221; title_level=&#8221;h3&#8243; title_font_size=&#8221;24px&#8221; body_font_size=&#8221;16px&#8221; global_colors_info=&#8221;{%22gcid-secondary-color%22:%91%22title_text_color%22,%22title_text_color%22,%22title_text_color%22,%22title_text_color%22%93,%22gcid-primary-color%22:%91%22closed_toggle_background_color%22,%22closed_toggle_background_color%22%93}&#8221;]<div class=\"naglowek\">\n<div class=\"naglowek\">\n<h4>Opis stanowiska<\/h4>\n<\/div>\n<div>\n<ul>\n<li>pozyskiwanie nowych klient\u00f3w do wsp\u00f3\u0142pracy na rynku polskim i UE,<\/li>\n<li>budowanie trwa\u0142ych relacji z klientem,<\/li>\n<li>orientacja na cel biznesowy.<\/li>\n<\/ul>\n<\/div>\n<h4 class=\"naglowek\">Wymagania<\/h4>\n<div>\n<ul>\n<li>min. 3 lata do\u015bwiadczenia w pracy w agencji reklamowej i\/lub produkcyjnej przy projektach BTL,<\/li>\n<li>wiedza z zakresu marketingu,<\/li>\n<li>umiej\u0119tno\u015bci sprzeda\u017cowe i negocjacyjne,<\/li>\n<li>doskona\u0142a organizacja pracy i komunikatywno\u015b\u0107,<\/li>\n<li>umiej\u0119tno\u015b\u0107 efektywnej pracy pod presj\u0105 czasu,<\/li>\n<li>dobre umiej\u0119tno\u015bci prezentacyjne,<\/li>\n<li>znajomo\u015b\u0107 j. angielskiego,<\/li>\n<li>do\u015bwiadczenie w komunikacji ATL b\u0119dzie dodatkowym atutem.<\/li>\n<\/ul>\n<\/div>\n<h4 class=\"naglowek\">Oferujemy<\/h4>\n<div>\n<ul>\n<li>szans\u0119 rozwoju zawodowego,<\/li>\n<li>prac\u0119 dla najbardziej renomowanych marek na rynku,<\/li>\n<li>przyjazn\u0105 atmosfer\u0119,<\/li>\n<li>adekwatne wynagrodzenie wraz z systemem motywacyjnym,<\/li>\n<li>du\u017c\u0105 samodzielno\u015b\u0107 dzia\u0142ania,<\/li>\n<li>prywatn\u0105 opiek\u0119 medyczn\u0105 i dodatkowe ubezpieczenie,<\/li>\n<li>stabilne zatrudnienie,<\/li>\n<li>niezb\u0119dne narz\u0119dzia do wykonywania pracy.<\/li>\n<\/ul>\n<\/div>\n<\/div>[\/et_pb_toggle][et_pb_toggle title=&#8221;Monter Ekspozycji Reklamowych&#8221; open_toggle_background_color=&#8221;#FFFFFF&#8221; closed_toggle_background_color=&#8221;#FFFFFF&#8221; icon_color=&#8221;#000000&#8243; _builder_version=&#8221;4.27.3&#8243; _module_preset=&#8221;default&#8221; title_text_color=&#8221;gcid-secondary-color&#8221; title_level=&#8221;h3&#8243; title_font_size=&#8221;24px&#8221; body_font_size=&#8221;16px&#8221; global_colors_info=&#8221;{%22gcid-secondary-color%22:%91%22title_text_color%22,%22title_text_color%22,%22title_text_color%22,%22title_text_color%22%93,%22gcid-primary-color%22:%91%22closed_toggle_background_color%22,%22closed_toggle_background_color%22%93}&#8221;]<div class=\"naglowek\">\n<h4>Opis stanowiska<\/h4>\n<\/div>\n<div>\n<ul>\n<li>Instalacja ekspozycji reklamowych i targowych na terenie ca\u0142ego kraju i poza jego granicami<\/li>\n<li>Inicjowanie i wdra\u017canie usprawnie\u0144 dotycz\u0105cych produkcji<\/li>\n<\/ul>\n<h4 class=\"naglowek\">Wymagania<\/h4>\n<div>\n<ul>\n<li>Min. 2-letnie do\u015bwiadczenie na podobnym stanowisku lub zwi\u0105zane z produkcj\u0105 mebli<\/li>\n<li>Du\u017ce zaanga\u017cowanie i rzetelno\u015b\u0107 w wykonywaniu powierzonych zada\u0144<\/li>\n<li>Odporno\u015b\u0107 na stres i umiej\u0119tno\u015b\u0107 pracy pod presj\u0105 czasu<\/li>\n<li>Kreatywno\u015b\u0107 w rozwi\u0105zywaniu problem\u00f3w<\/li>\n<li>Komunikatywno\u015b\u0107<\/li>\n<li>Dyspozycyjno\u015b\u0107 i gotowo\u015b\u0107 do cz\u0119stych wyjazd\u00f3w<\/li>\n<li>Prawo jazdy kategorii B<\/li>\n<\/ul>\n<\/div>\n<h4 class=\"naglowek\">Oferujemy<\/h4>\n<div>\n<ul>\n<li>Stabilne zatrudnienie w dynamicznie rozwijaj\u0105cej si\u0119 firmie<\/li>\n<li>Mo\u017cliwo\u015b\u0107 rozwoju zawodowego i podnoszenia kwalifikacji<\/li>\n<li>Du\u017c\u0105 samodzielno\u015b\u0107<\/li>\n<li>Udzia\u0142 w realizacji nowatorskich rozwi\u0105za\u0144<\/li>\n<li>Prywatn\u0105 opiek\u0119 zdrowotn\u0105<\/li>\n<\/ul>\n<\/div>\n<\/div>[\/et_pb_toggle][et_pb_toggle title=&#8221;Stolarz \u2013 Pilarz&#8221; open_toggle_background_color=&#8221;#FFFFFF&#8221; closed_toggle_background_color=&#8221;#FFFFFF&#8221; icon_color=&#8221;#000000&#8243; _builder_version=&#8221;4.27.3&#8243; _module_preset=&#8221;default&#8221; title_text_color=&#8221;gcid-secondary-color&#8221; title_level=&#8221;h3&#8243; title_font_size=&#8221;24px&#8221; body_font_size=&#8221;16px&#8221; global_colors_info=&#8221;{%22gcid-secondary-color%22:%91%22title_text_color%22,%22title_text_color%22,%22title_text_color%22,%22title_text_color%22%93,%22gcid-primary-color%22:%91%22closed_toggle_background_color%22,%22closed_toggle_background_color%22%93}&#8221;]<div class=\"naglowek\">\n<div class=\"avia_textblock\" itemprop=\"text\">\n<h4 class=\"naglowek\">Opis stanowiska<\/h4>\n<div class=\"desc\">\n<ul>\n<li>Produkcja ekspozycji reklamowych i mebli (stolarz meblowy)<\/li>\n<li>Optymalizacja proces\u00f3w produkcyjnych<\/li>\n<li>Inicjowanie i wdra\u017canie usprawnie\u0144 dotycz\u0105cych produkcji<\/li>\n<li>Udzia\u0142 w projektach technologicznych<\/li>\n<\/ul>\n<\/div>\n<\/div>\n<h4 class=\"naglowek\">Wymagania<\/h4>\n<div>\n<div class=\"desc\">\n<ul>\n<li>Min. 2-letnie do\u015bwiadczenie na podobnym stanowisku lub zwi\u0105zane z produkcj\u0105 mebli<\/li>\n<li>Mile widziana znajomo\u015b\u0107 proces\u00f3w zwi\u0105zana z produkcj\u0105 ekspozycji reklamowych oraz targowych<\/li>\n<li>Samodzielno\u015b\u0107 w planowaniu czasu i organizacji zada\u0144<\/li>\n<li>Du\u017ce zaanga\u017cowanie i rzetelno\u015b\u0107 w wykonywaniu powierzonych zada\u0144<\/li>\n<li>Odporno\u015b\u0107 na stres i umiej\u0119tno\u015b\u0107 pracy pod presj\u0105 czasu<\/li>\n<li>Kreatywno\u015b\u0107 w rozwi\u0105zywaniu problem\u00f3w<\/li>\n<li>Komunikatywno\u015b\u0107<\/li>\n<li>Dyspozycyjno\u015b\u0107<\/li>\n<li>Prawo jazdy kategorii B<\/li>\n<\/ul>\n<\/div>\n<\/div>\n<h4 class=\"naglowek\">Oferujemy<\/h4>\n<div>\n<div class=\"desc\">\n<ul>\n<li>Stabilne zatrudnienie w dynamicznie rozwijaj\u0105cej si\u0119 firmie<\/li>\n<li>Sta\u0142e wynagrodzenie<\/li>\n<li>Mo\u017cliwo\u015b\u0107 rozwoju zawodowego i podnoszenia kwalifikacji<\/li>\n<li>Du\u017c\u0105 samodzielno\u015b\u0107<\/li>\n<li>Udzia\u0142 w realizacji nowatorskich rozwi\u0105za\u0144<\/li>\n<li>Prywatn\u0105 opiek\u0119 zdrowotn\u0105<\/li>\n<\/ul>\n<\/div>\n<\/div>\n<\/div>[\/et_pb_toggle][\/et_pb_column][et_pb_column type=&#8221;1_2&#8243; _builder_version=&#8221;4.27.3&#8243; _module_preset=&#8221;default&#8221; global_colors_info=&#8221;{}&#8221;][et_pb_divider color=&#8221;gcid-primary-color&#8221; divider_style=&#8221;double&#8221; divider_position=&#8221;center&#8221; divider_weight=&#8221;5px&#8221; _builder_version=&#8221;4.27.3&#8243; max_width=&#8221;50px&#8221; module_alignment=&#8221;center&#8221; custom_margin=&#8221;-20px||10px||false|false&#8221; custom_padding=&#8221;||3px|||&#8221; locked=&#8221;off&#8221; global_colors_info=&#8221;{%22gcid-primary-color%22:%91%22color%22%93}&#8221;][\/et_pb_divider][et_pb_text _builder_version=&#8221;4.27.3&#8243; _module_preset=&#8221;default&#8221; text_font=&#8221;||||||||&#8221; text_font_size=&#8221;17px&#8221; header_font=&#8221;&#8211;et_global_heading_font|700|||||||&#8221; header_2_font=&#8221;&#8211;et_global_heading_font||||||||&#8221; header_2_font_size=&#8221;42px&#8221; header_2_line_height=&#8221;1.2em&#8221; header_3_font_size=&#8221;32px&#8221; module_alignment=&#8221;center&#8221; custom_margin=&#8221;||10px||false|false&#8221; custom_padding=&#8221;||18px||false|false&#8221; header_2_font_size_tablet=&#8221;42px&#8221; header_2_font_size_phone=&#8221;36px&#8221; header_2_font_size_last_edited=&#8221;on|phone&#8221; locked=&#8221;off&#8221; global_colors_info=&#8221;{}&#8221;]<h3 style=\"text-align: center;\">Dlaczego warto dla nas pracowa\u0107?<\/h3>[\/et_pb_text][et_pb_blurb title=&#8221;Praca dla najlepszych marek&#8221; use_icon=&#8221;on&#8221; font_icon=&#8221;&#xf4d9;||fa||900&#8243; image_icon_width=&#8221;75px&#8221; _builder_version=&#8221;4.27.4&#8243; _module_preset=&#8221;default&#8221; header_level=&#8221;h3&#8243; header_font_size=&#8221;21px&#8221; body_font_size=&#8221;15px&#8221; text_orientation=&#8221;center&#8221; max_width=&#8221;50%&#8221; max_width_tablet=&#8221;50%&#8221; max_width_phone=&#8221;100%&#8221; max_width_last_edited=&#8221;on|phone&#8221; custom_padding=&#8221;|15px||15px|false|true&#8221; custom_css_main_element=&#8221;float:left;&#8221; global_colors_info=&#8221;{}&#8221; custom_css_main_element_last_edited=&#8221;on|desktop&#8221; custom_css_main_element_phone=&#8221;float:none;&#8221; custom_css_main_element_tablet=&#8221;float:left;&#8221;]<p>Pracuj przy projektach dla renomowanych firm i buduj sw\u00f3j dorobek zawodowy.<\/p>[\/et_pb_blurb][et_pb_blurb title=&#8221;Stabilne zatrudnienie&#8221; use_icon=&#8221;on&#8221; font_icon=&#8221;&#xf080;||fa||400&#8243; image_icon_width=&#8221;75px&#8221; _builder_version=&#8221;4.27.4&#8243; _module_preset=&#8221;default&#8221; header_level=&#8221;h3&#8243; header_font_size=&#8221;21px&#8221; body_font_size=&#8221;15px&#8221; text_orientation=&#8221;center&#8221; max_width=&#8221;50%&#8221; max_width_tablet=&#8221;50%&#8221; max_width_phone=&#8221;100%&#8221; max_width_last_edited=&#8221;on|phone&#8221; custom_padding=&#8221;|15px||15px|false|true&#8221; custom_css_main_element=&#8221;float:right;||&#8221; global_colors_info=&#8221;{}&#8221; custom_css_main_element_last_edited=&#8221;on|phone&#8221; custom_css_main_element_phone=&#8221;float:none;&#8221; custom_css_main_element_tablet=&#8221;float:right;||&#8221;]<p>Oferujemy umow\u0119 o prac\u0119 i mo\u017cliwo\u015b\u0107 wsp\u00f3lnego rozwoju.<\/p>[\/et_pb_blurb][et_pb_blurb title=&#8221;Prywatna opieka medyczna&#8221; use_icon=&#8221;on&#8221; font_icon=&#8221;&#xe05c;||fa||900&#8243; image_icon_width=&#8221;75px&#8221; _builder_version=&#8221;4.27.4&#8243; _module_preset=&#8221;default&#8221; header_level=&#8221;h3&#8243; header_font_size=&#8221;21px&#8221; body_font_size=&#8221;15px&#8221; text_orientation=&#8221;center&#8221; max_width=&#8221;50%&#8221; max_width_tablet=&#8221;50%&#8221; max_width_phone=&#8221;100%&#8221; max_width_last_edited=&#8221;on|phone&#8221; custom_padding=&#8221;|15px||15px|false|true&#8221; custom_css_main_element=&#8221;float:left;||clear:left;&#8221; global_colors_info=&#8221;{}&#8221; custom_css_main_element_last_edited=&#8221;on|phone&#8221; custom_css_main_element_phone=&#8221;float:none;||&#8221; custom_css_main_element_tablet=&#8221;float:left;||clear:left;&#8221;]<p>Zapewniamy dost\u0119p do wysokiej jako\u015bci opieki zdrowotnej.<\/p>[\/et_pb_blurb][et_pb_blurb title=&#8221;ubezpieczenie na \u017cycie&#8221; use_icon=&#8221;on&#8221; font_icon=&#8221;&#xf6f1;||fa||900&#8243; image_icon_width=&#8221;75px&#8221; _builder_version=&#8221;4.27.4&#8243; _module_preset=&#8221;default&#8221; header_level=&#8221;h3&#8243; header_font_size=&#8221;21px&#8221; body_font_size=&#8221;15px&#8221; text_orientation=&#8221;center&#8221; max_width=&#8221;50%&#8221; max_width_tablet=&#8221;50%&#8221; max_width_phone=&#8221;100%&#8221; max_width_last_edited=&#8221;on|phone&#8221; custom_padding=&#8221;|15px||15px|false|true&#8221; custom_css_main_element=&#8221;display:inline-block;||float:right;&#8221; global_colors_info=&#8221;{}&#8221; custom_css_main_element_last_edited=&#8221;on|phone&#8221; custom_css_main_element_phone=&#8221;float:none;&#8221; custom_css_main_element_tablet=&#8221;display:inline-block;||float:right;&#8221;]<p>Dbamy o Twoj\u0105 przysz\u0142o\u015b\u0107 i bezpiecze\u0144stwo Twoich bliskich.<\/p>[\/et_pb_blurb][\/et_pb_column][\/et_pb_row][\/et_pb_section][et_pb_section fb_built=&#8221;1&#8243; next_background_color=&#8221;#000000&#8243; _builder_version=&#8221;4.27.4&#8243; _module_preset=&#8221;default&#8221; background_color=&#8221;gcid-primary-color&#8221; custom_margin=&#8221;26px|||||&#8221; custom_padding=&#8221;64px||65px|||&#8221; bottom_divider_style=&#8221;asymmetric4&#8243; bottom_divider_flip=&#8221;horizontal&#8221; bottom_divider_height_tablet=&#8221;&#8221; bottom_divider_height_phone=&#8221;49px&#8221; bottom_divider_height_last_edited=&#8221;on|phone&#8221; global_colors_info=&#8221;{%22gcid-primary-color%22:%91%22background_color%22%93}&#8221;][et_pb_row column_structure=&#8221;3_5,2_5&#8243; _builder_version=&#8221;4.27.3&#8243; _module_preset=&#8221;default&#8221; max_width=&#8221;2560px&#8221; custom_padding=&#8221;7px||6px|||&#8221; locked=&#8221;off&#8221; global_colors_info=&#8221;{}&#8221;][et_pb_column type=&#8221;3_5&#8243; _builder_version=&#8221;4.27.3&#8243; _module_preset=&#8221;default&#8221; global_colors_info=&#8221;{}&#8221;][et_pb_text content_tablet=&#8221;<h2 style=%22text-align: right;%22>Prze\u015blij nam swoje dokumenty<\/h2>\n<p style=%22text-align: right;%22>Chcesz do\u0142\u0105czy\u0107 do naszego zespo\u0142u? Wy\u015blij swoje CV, list motywacyjny oraz dane kontaktowe. Nie zapomnij wskaza\u0107 stanowiska, kt\u00f3re Ci\u0119 interesuje. Czekamy na Twoje zg\u0142oszenie pod adresem:<br \/><span style=%22color: #000000;%22><strong><a rel=%22noopener%22 style=%22color: #000000;%22>biuro@adrepublic.pl<\/a><\/strong><\/span><\/p>&#8221; content_phone=&#8221;<h2 style=%22text-align: left;%22>Prze\u015blij nam swoje dokumenty<\/h2>\n<p style=%22text-align: left;%22>Chcesz do\u0142\u0105czy\u0107 do naszego zespo\u0142u? Wy\u015blij swoje CV, list motywacyjny oraz dane kontaktowe. Nie zapomnij wskaza\u0107 stanowiska, kt\u00f3re Ci\u0119 interesuje. Czekamy na Twoje zg\u0142oszenie pod adresem:<br \/><span style=%22color: #000000;%22><strong><a rel=%22noopener%22 style=%22color: #000000;%22>biuro@adrepublic.pl<\/a><\/strong><\/span><\/p>&#8221; content_last_edited=&#8221;on|phone&#8221; _builder_version=&#8221;4.27.4&#8243; _module_preset=&#8221;default&#8221; text_font=&#8221;||||||||&#8221; text_font_size=&#8221;17px&#8221; header_font=&#8221;&#8211;et_global_heading_font|700|||||||&#8221; header_2_font=&#8221;&#8211;et_global_heading_font||||||||&#8221; header_2_font_size=&#8221;42px&#8221; header_2_line_height=&#8221;1.2em&#8221; max_width=&#8221;85%&#8221; max_width_tablet=&#8221;85%&#8221; max_width_phone=&#8221;91%&#8221; max_width_last_edited=&#8221;on|phone&#8221; module_alignment=&#8221;right&#8221; custom_margin=&#8221;||10px||false|false&#8221; custom_padding=&#8221;||18px||false|false&#8221; custom_padding_tablet=&#8221;||18px||false|false&#8221; custom_padding_phone=&#8221;||0px||false|false&#8221; custom_padding_last_edited=&#8221;on|phone&#8221; header_2_font_size_tablet=&#8221;42px&#8221; header_2_font_size_phone=&#8221;36px&#8221; header_2_font_size_last_edited=&#8221;on|phone&#8221; locked=&#8221;off&#8221; global_colors_info=&#8221;{}&#8221;]<h2 style=\"text-align: right;\">Prze\u015blij nam swoje dokumenty<\/h2>\n<p style=\"text-align: right;\">Chcesz do\u0142\u0105czy\u0107 do naszego zespo\u0142u? Wy\u015blij swoje CV, list motywacyjny oraz dane kontaktowe. Nie zapomnij wskaza\u0107 stanowiska, kt\u00f3re Ci\u0119 interesuje. Czekamy na Twoje zg\u0142oszenie pod adresem:<br \/><span style=\"color: #000000;\"><strong><a rel=\"noopener\" style=\"color: #000000;\">biuro@adrepublic.pl<\/a><\/strong><\/span><\/p>[\/et_pb_text][\/et_pb_column][et_pb_column type=&#8221;2_5&#8243; _builder_version=&#8221;4.27.3&#8243; _module_preset=&#8221;default&#8221; global_colors_info=&#8221;{}&#8221;][et_pb_button button_url=&#8221;mailto:biuro@adrepublic.pl&#8221; button_text=&#8221;Do\u0142\u0105cz do nas&#8221; _builder_version=&#8221;4.27.3&#8243; custom_button=&#8221;on&#8221; button_text_size=&#8221;24px&#8221; button_text_color=&#8221;#FFFFFF&#8221; button_bg_color=&#8221;#000000&#8243; button_border_width=&#8221;1px&#8221; button_border_color=&#8221;#000000&#8243; button_border_radius=&#8221;20px&#8221; button_letter_spacing=&#8221;0px&#8221; button_font=&#8221;&#8211;et_global_heading_font||||||||&#8221; button_use_icon=&#8221;off&#8221; background_layout=&#8221;dark&#8221; custom_margin=&#8221;|||25px|false|false&#8221; custom_padding=&#8221;12px|33px|9px|33px|false|true&#8221; button_text_color_hover=&#8221;#ffffff&#8221; button_border_color_hover=&#8221;#ffb400&#8243; button_bg_color_hover=&#8221;#ffb400&#8243; locked=&#8221;off&#8221; global_colors_info=&#8221;{%22gcid-primary-color%22:%91%22button_bg_color__hover%22%93}&#8221; button_text_size__hover_enabled=&#8221;off&#8221; button_one_text_size__hover_enabled=&#8221;off&#8221; button_two_text_size__hover_enabled=&#8221;off&#8221; button_text_color__hover_enabled=&#8221;on&#8221; button_text_color__hover=&#8221;#000000&#8243; button_one_text_color__hover_enabled=&#8221;off&#8221; button_two_text_color__hover_enabled=&#8221;off&#8221; button_border_width__hover_enabled=&#8221;off&#8221; button_one_border_width__hover_enabled=&#8221;off&#8221; button_two_border_width__hover_enabled=&#8221;off&#8221; button_border_color__hover_enabled=&#8221;on|hover&#8221; button_border_color__hover=&#8221;#000000&#8243; button_one_border_color__hover_enabled=&#8221;off&#8221; button_two_border_color__hover_enabled=&#8221;off&#8221; button_border_radius__hover_enabled=&#8221;off&#8221; button_one_border_radius__hover_enabled=&#8221;off&#8221; button_two_border_radius__hover_enabled=&#8221;off&#8221; button_letter_spacing__hover_enabled=&#8221;off&#8221; button_one_letter_spacing__hover_enabled=&#8221;off&#8221; button_two_letter_spacing__hover_enabled=&#8221;off&#8221; button_bg_color__hover_enabled=&#8221;on&#8221; button_bg_color__hover=&#8221;#f9ad15&#8243; button_one_bg_color__hover_enabled=&#8221;off&#8221; button_two_bg_color__hover_enabled=&#8221;off&#8221; button_bg_enable_color__hover=&#8221;on&#8221;][\/et_pb_button][\/et_pb_column][\/et_pb_row][\/et_pb_section]\n","protected":false},"excerpt":{"rendered":"<p>Twoja kariera w AdRepublicDo\u0142\u0105cz do zespo\u0142u profesjonalist\u00f3w Szukasz miejsca, gdzie Twoje umiej\u0119tno\u015bci i zaanga\u017cowanie zostan\u0105 docenione? W AdRepublic oferujemy nie tylko stabilne zatrudnienie, ale tak\u017ce mo\u017cliwo\u015b\u0107 pracy przy realizacjach dla najwi\u0119kszych \u015bwiatowych marek. Rozwijaj si\u0119 w dynamicznym \u015brodowisku, zdobywaj do\u015bwiadczenie z ekspertami i tw\u00f3rz ponadczasowe przestrzenie, kt\u00f3re inspiruj\u0105. Opis stanowiska analiza zapyta\u0144 ofertowych, dokumentacji i [&hellip;]<\/p>\n","protected":false},"author":1,"featured_media":979,"parent":0,"menu_order":0,"comment_status":"closed","ping_status":"closed","template":"","meta":{"_acf_changed":false,"_et_pb_use_builder":"on","_et_pb_old_content":"<!-- wp:divi\/placeholder \/-->","_et_gb_content_width":"","footnotes":""},"class_list":["post-33","page","type-page","status-publish","has-post-thumbnail","hentry"],"acf":[],"yoast_head":"<!-- This site is optimized with the Yoast SEO plugin v27.5 - https:\/\/yoast.com\/product\/yoast-seo-wordpress\/ -->\n<title>AdRepublic | Pracuj z najlepszymi<\/title>\n<meta name=\"description\" content=\"Szukasz wyzwa\u0144 i dynamicznego \u015brodowiska? Do\u0142\u0105cz do naszego zespo\u0142u i rozwijaj si\u0119 w firmie, kt\u00f3ra stawia na profesjonalizm i innowacje.\" \/>\n<meta name=\"robots\" content=\"index, follow, max-snippet:-1, max-image-preview:large, max-video-preview:-1\" \/>\n<link rel=\"canonical\" href=\"https:\/\/adrepublic.pl\/en\/kariera\/\" \/>\n<meta property=\"og:locale\" content=\"en_GB\" \/>\n<meta property=\"og:type\" content=\"article\" \/>\n<meta property=\"og:title\" content=\"AdRepublic | Pracuj z najlepszymi\" \/>\n<meta property=\"og:description\" content=\"Szukasz wyzwa\u0144 i dynamicznego \u015brodowiska? Do\u0142\u0105cz do naszego zespo\u0142u i rozwijaj si\u0119 w firmie, kt\u00f3ra stawia na profesjonalizm i innowacje.\" \/>\n<meta property=\"og:url\" content=\"https:\/\/adrepublic.pl\/en\/kariera\/\" \/>\n<meta property=\"og:site_name\" content=\"AdRepublic\" \/>\n<meta property=\"article:publisher\" content=\"https:\/\/www.facebook.com\/adrepublicpolska\" \/>\n<meta property=\"article:modified_time\" content=\"2025-01-29T08:31:53+00:00\" \/>\n<meta property=\"og:image\" content=\"https:\/\/adrepublic.pl\/2024\/wp-content\/uploads\/2025\/01\/P1270837-scaled.jpg\" \/>\n\t<meta property=\"og:image:width\" content=\"2560\" \/>\n\t<meta property=\"og:image:height\" content=\"1922\" \/>\n\t<meta property=\"og:image:type\" content=\"image\/jpeg\" \/>\n<meta name=\"twitter:card\" content=\"summary_large_image\" \/>\n<meta name=\"twitter:label1\" content=\"Estimated reading time\" \/>\n\t<meta name=\"twitter:data1\" content=\"5 minutes\" \/>\n<script type=\"application\/ld+json\" class=\"yoast-schema-graph\">{\"@context\":\"https:\\\/\\\/schema.org\",\"@graph\":[{\"@type\":\"WebPage\",\"@id\":\"https:\\\/\\\/adrepublic.pl\\\/kariera\\\/\",\"url\":\"https:\\\/\\\/adrepublic.pl\\\/kariera\\\/\",\"name\":\"AdRepublic | Pracuj z najlepszymi\",\"isPartOf\":{\"@id\":\"https:\\\/\\\/adrepublic.pl\\\/#website\"},\"primaryImageOfPage\":{\"@id\":\"https:\\\/\\\/adrepublic.pl\\\/kariera\\\/#primaryimage\"},\"image\":{\"@id\":\"https:\\\/\\\/adrepublic.pl\\\/kariera\\\/#primaryimage\"},\"thumbnailUrl\":\"https:\\\/\\\/adrepublic.pl\\\/2024\\\/wp-content\\\/uploads\\\/2025\\\/01\\\/P1270837-scaled.jpg\",\"datePublished\":\"2024-10-29T07:23:22+00:00\",\"dateModified\":\"2025-01-29T08:31:53+00:00\",\"description\":\"Szukasz wyzwa\u0144 i dynamicznego \u015brodowiska? Do\u0142\u0105cz do naszego zespo\u0142u i rozwijaj si\u0119 w firmie, kt\u00f3ra stawia na profesjonalizm i innowacje.\",\"breadcrumb\":{\"@id\":\"https:\\\/\\\/adrepublic.pl\\\/kariera\\\/#breadcrumb\"},\"inLanguage\":\"en-GB\",\"potentialAction\":[{\"@type\":\"ReadAction\",\"target\":[\"https:\\\/\\\/adrepublic.pl\\\/kariera\\\/\"]}]},{\"@type\":\"ImageObject\",\"inLanguage\":\"en-GB\",\"@id\":\"https:\\\/\\\/adrepublic.pl\\\/kariera\\\/#primaryimage\",\"url\":\"https:\\\/\\\/adrepublic.pl\\\/2024\\\/wp-content\\\/uploads\\\/2025\\\/01\\\/P1270837-scaled.jpg\",\"contentUrl\":\"https:\\\/\\\/adrepublic.pl\\\/2024\\\/wp-content\\\/uploads\\\/2025\\\/01\\\/P1270837-scaled.jpg\",\"width\":2560,\"height\":1922},{\"@type\":\"BreadcrumbList\",\"@id\":\"https:\\\/\\\/adrepublic.pl\\\/kariera\\\/#breadcrumb\",\"itemListElement\":[{\"@type\":\"ListItem\",\"position\":1,\"name\":\"Strona g\u0142\u00f3wna\",\"item\":\"https:\\\/\\\/adrepublic.pl\\\/\"},{\"@type\":\"ListItem\",\"position\":2,\"name\":\"Kariera\"}]},{\"@type\":\"WebSite\",\"@id\":\"https:\\\/\\\/adrepublic.pl\\\/#website\",\"url\":\"https:\\\/\\\/adrepublic.pl\\\/\",\"name\":\"AdRepublic\",\"description\":\"\",\"publisher\":{\"@id\":\"https:\\\/\\\/adrepublic.pl\\\/#organization\"},\"potentialAction\":[{\"@type\":\"SearchAction\",\"target\":{\"@type\":\"EntryPoint\",\"urlTemplate\":\"https:\\\/\\\/adrepublic.pl\\\/?s={search_term_string}\"},\"query-input\":{\"@type\":\"PropertyValueSpecification\",\"valueRequired\":true,\"valueName\":\"search_term_string\"}}],\"inLanguage\":\"en-GB\"},{\"@type\":\"Organization\",\"@id\":\"https:\\\/\\\/adrepublic.pl\\\/#organization\",\"name\":\"AdRepublic\",\"url\":\"https:\\\/\\\/adrepublic.pl\\\/\",\"logo\":{\"@type\":\"ImageObject\",\"inLanguage\":\"en-GB\",\"@id\":\"https:\\\/\\\/adrepublic.pl\\\/#\\\/schema\\\/logo\\\/image\\\/\",\"url\":\"https:\\\/\\\/adrepublic.pl\\\/2024\\\/wp-content\\\/uploads\\\/2025\\\/01\\\/AdRepublic_Logo_2025.png\",\"contentUrl\":\"https:\\\/\\\/adrepublic.pl\\\/2024\\\/wp-content\\\/uploads\\\/2025\\\/01\\\/AdRepublic_Logo_2025.png\",\"width\":600,\"height\":159,\"caption\":\"AdRepublic\"},\"image\":{\"@id\":\"https:\\\/\\\/adrepublic.pl\\\/#\\\/schema\\\/logo\\\/image\\\/\"},\"sameAs\":[\"https:\\\/\\\/www.facebook.com\\\/adrepublicpolska\",\"https:\\\/\\\/www.linkedin.com\\\/company\\\/adrepublic-creative-designs-instore-solutions\\\/\"]}]}<\/script>\n<!-- \/ Yoast SEO plugin. -->","yoast_head_json":{"title":"AdRepublic | Pracuj z najlepszymi","description":"Szukasz wyzwa\u0144 i dynamicznego \u015brodowiska? Do\u0142\u0105cz do naszego zespo\u0142u i rozwijaj si\u0119 w firmie, kt\u00f3ra stawia na profesjonalizm i innowacje.","robots":{"index":"index","follow":"follow","max-snippet":"max-snippet:-1","max-image-preview":"max-image-preview:large","max-video-preview":"max-video-preview:-1"},"canonical":"https:\/\/adrepublic.pl\/en\/kariera\/","og_locale":"en_GB","og_type":"article","og_title":"AdRepublic | Pracuj z najlepszymi","og_description":"Szukasz wyzwa\u0144 i dynamicznego \u015brodowiska? Do\u0142\u0105cz do naszego zespo\u0142u i rozwijaj si\u0119 w firmie, kt\u00f3ra stawia na profesjonalizm i innowacje.","og_url":"https:\/\/adrepublic.pl\/en\/kariera\/","og_site_name":"AdRepublic","article_publisher":"https:\/\/www.facebook.com\/adrepublicpolska","article_modified_time":"2025-01-29T08:31:53+00:00","og_image":[{"width":2560,"height":1922,"url":"https:\/\/adrepublic.pl\/2024\/wp-content\/uploads\/2025\/01\/P1270837-scaled.jpg","type":"image\/jpeg"}],"twitter_card":"summary_large_image","twitter_misc":{"Estimated reading time":"5 minutes"},"schema":{"@context":"https:\/\/schema.org","@graph":[{"@type":"WebPage","@id":"https:\/\/adrepublic.pl\/kariera\/","url":"https:\/\/adrepublic.pl\/kariera\/","name":"AdRepublic | Pracuj z najlepszymi","isPartOf":{"@id":"https:\/\/adrepublic.pl\/#website"},"primaryImageOfPage":{"@id":"https:\/\/adrepublic.pl\/kariera\/#primaryimage"},"image":{"@id":"https:\/\/adrepublic.pl\/kariera\/#primaryimage"},"thumbnailUrl":"https:\/\/adrepublic.pl\/2024\/wp-content\/uploads\/2025\/01\/P1270837-scaled.jpg","datePublished":"2024-10-29T07:23:22+00:00","dateModified":"2025-01-29T08:31:53+00:00","description":"Szukasz wyzwa\u0144 i dynamicznego \u015brodowiska? Do\u0142\u0105cz do naszego zespo\u0142u i rozwijaj si\u0119 w firmie, kt\u00f3ra stawia na profesjonalizm i innowacje.","breadcrumb":{"@id":"https:\/\/adrepublic.pl\/kariera\/#breadcrumb"},"inLanguage":"en-GB","potentialAction":[{"@type":"ReadAction","target":["https:\/\/adrepublic.pl\/kariera\/"]}]},{"@type":"ImageObject","inLanguage":"en-GB","@id":"https:\/\/adrepublic.pl\/kariera\/#primaryimage","url":"https:\/\/adrepublic.pl\/2024\/wp-content\/uploads\/2025\/01\/P1270837-scaled.jpg","contentUrl":"https:\/\/adrepublic.pl\/2024\/wp-content\/uploads\/2025\/01\/P1270837-scaled.jpg","width":2560,"height":1922},{"@type":"BreadcrumbList","@id":"https:\/\/adrepublic.pl\/kariera\/#breadcrumb","itemListElement":[{"@type":"ListItem","position":1,"name":"Strona g\u0142\u00f3wna","item":"https:\/\/adrepublic.pl\/"},{"@type":"ListItem","position":2,"name":"Kariera"}]},{"@type":"WebSite","@id":"https:\/\/adrepublic.pl\/#website","url":"https:\/\/adrepublic.pl\/","name":"AdRepublic","description":"","publisher":{"@id":"https:\/\/adrepublic.pl\/#organization"},"potentialAction":[{"@type":"SearchAction","target":{"@type":"EntryPoint","urlTemplate":"https:\/\/adrepublic.pl\/?s={search_term_string}"},"query-input":{"@type":"PropertyValueSpecification","valueRequired":true,"valueName":"search_term_string"}}],"inLanguage":"en-GB"},{"@type":"Organization","@id":"https:\/\/adrepublic.pl\/#organization","name":"AdRepublic","url":"https:\/\/adrepublic.pl\/","logo":{"@type":"ImageObject","inLanguage":"en-GB","@id":"https:\/\/adrepublic.pl\/#\/schema\/logo\/image\/","url":"https:\/\/adrepublic.pl\/2024\/wp-content\/uploads\/2025\/01\/AdRepublic_Logo_2025.png","contentUrl":"https:\/\/adrepublic.pl\/2024\/wp-content\/uploads\/2025\/01\/AdRepublic_Logo_2025.png","width":600,"height":159,"caption":"AdRepublic"},"image":{"@id":"https:\/\/adrepublic.pl\/#\/schema\/logo\/image\/"},"sameAs":["https:\/\/www.facebook.com\/adrepublicpolska","https:\/\/www.linkedin.com\/company\/adrepublic-creative-designs-instore-solutions\/"]}]}},"_links":{"self":[{"href":"https:\/\/adrepublic.pl\/en\/wp-json\/wp\/v2\/pages\/33","targetHints":{"allow":["GET"]}}],"collection":[{"href":"https:\/\/adrepublic.pl\/en\/wp-json\/wp\/v2\/pages"}],"about":[{"href":"https:\/\/adrepublic.pl\/en\/wp-json\/wp\/v2\/types\/page"}],"author":[{"embeddable":true,"href":"https:\/\/adrepublic.pl\/en\/wp-json\/wp\/v2\/users\/1"}],"replies":[{"embeddable":true,"href":"https:\/\/adrepublic.pl\/en\/wp-json\/wp\/v2\/comments?post=33"}],"version-history":[{"count":13,"href":"https:\/\/adrepublic.pl\/en\/wp-json\/wp\/v2\/pages\/33\/revisions"}],"predecessor-version":[{"id":982,"href":"https:\/\/adrepublic.pl\/en\/wp-json\/wp\/v2\/pages\/33\/revisions\/982"}],"wp:featuredmedia":[{"embeddable":true,"href":"https:\/\/adrepublic.pl\/en\/wp-json\/wp\/v2\/media\/979"}],"wp:attachment":[{"href":"https:\/\/adrepublic.pl\/en\/wp-json\/wp\/v2\/media?parent=33"}],"curies":[{"name":"wp","href":"https:\/\/api.w.org\/{rel}","templated":true}]}}